{"id":1500,"date":"2018-06-07T15:40:00","date_gmt":"2018-06-07T13:40:00","guid":{"rendered":"https:\/\/www.fndaterballetto.it\/aterballetto\/choreographers\/"},"modified":"2025-07-29T13:10:35","modified_gmt":"2025-07-29T11:10:35","slug":"choreographers","status":"publish","type":"page","link":"https:\/\/www.fndaterballetto.it\/en\/artists\/choreographers\/","title":{"rendered":"Choreographers"},"content":{"rendered":"<div class=\"fusion-fullwidth fullwidth-box fusion-builder-row-1 fusion-flex-container has-pattern-background has-mask-background nonhundred-percent-fullwidth non-hundred-percent-height-scrolling\" style=\"--awb-border-radius-top-left:0px;--awb-border-radius-top-right:0px;--awb-border-radius-bottom-right:0px;--awb-border-radius-bottom-left:0px;--awb-flex-wrap:wrap;\" ><div class=\"fusion-builder-row fusion-row fusion-flex-align-items-flex-start fusion-flex-content-wrap\" style=\"max-width:calc( 1200px + 20px );margin-left: calc(-20px \/ 2 );margin-right: calc(-20px \/ 2 );\"><div class=\"fusion-layout-column fusion_builder_column fusion-builder-column-0 fusion_builder_column_1_4 1_4 fusion-flex-column\" style=\"--awb-bg-blend:overlay;--awb-bg-size:cover;--awb-width-large:25%;--awb-margin-top-large:0px;--awb-spacing-right-large:calc( 0.04 * calc( 100% - 20px ) );--awb-margin-bottom-large:20px;--awb-spacing-left-large:calc( 0.04 * calc( 100% - 20px ) );--awb-width-medium:100%;--awb-order-medium:0;--awb-spacing-right-medium:10px;--awb-spacing-left-medium:10px;--awb-width-small:100%;--awb-order-small:0;--awb-spacing-right-small:10px;--awb-spacing-left-small:10px;\" data-scroll-devices=\"small-visibility,medium-visibility,large-visibility\"><div class=\"fusion-column-wrapper fusion-column-has-shadow fusion-flex-justify-content-flex-start fusion-content-layout-column\"><div class=\"fusion-image-element \" style=\"--awb-aspect-ratio:1 \/ 1;--awb-object-position:43% 46%;--awb-caption-title-color:rgba(255,255,255,0);--awb-caption-overlay-color:#d33737;--awb-caption-title-font-family:var(--h2_typography-font-family);--awb-caption-title-font-weight:var(--h2_typography-font-weight);--awb-caption-title-font-style:var(--h2_typography-font-style);--awb-caption-title-size:var(--h2_typography-font-size);--awb-caption-title-transform:var(--h2_typography-text-transform);--awb-caption-title-line-height:var(--h2_typography-line-height);--awb-caption-title-letter-spacing:var(--h2_typography-letter-spacing);--awb-filter:saturate(0%);--awb-filter-transition:filter 0.3s ease;--awb-filter-hover:saturate(100%);\"><span class=\" fusion-imageframe imageframe-none imageframe-1 awb-imageframe-style awb-imageframe-style-schantel has-aspect-ratio\"><a class=\"fusion-no-lightbox\" href=\"https:\/\/www.fndaterballetto.it\/en\/artists\/choreographers\/marcos-morau\/\" target=\"_self\" aria-label=\"625a50a2-e4eb-4be8-afcb-2319e4702036_Marcos+Morau+\u00a9+Vanesa+Gomez\"><img decoding=\"async\" width=\"1280\" height=\"752\" src=\"https:\/\/www.fndaterballetto.it\/wp-content\/uploads\/2023\/11\/625a50a2-e4eb-4be8-afcb-2319e4702036_MarcosMorau\u00a9VanesaGomez.jpg\" class=\"img-responsive wp-image-25353 img-with-aspect-ratio\" alt srcset=\"https:\/\/www.fndaterballetto.it\/wp-content\/uploads\/2023\/11\/625a50a2-e4eb-4be8-afcb-2319e4702036_MarcosMorau\u00a9VanesaGomez-200x118.jpg 200w, https:\/\/www.fndaterballetto.it\/wp-content\/uploads\/2023\/11\/625a50a2-e4eb-4be8-afcb-2319e4702036_MarcosMorau\u00a9VanesaGomez-400x235.jpg 400w, https:\/\/www.fndaterballetto.it\/wp-content\/uploads\/2023\/11\/625a50a2-e4eb-4be8-afcb-2319e4702036_MarcosMorau\u00a9VanesaGomez-600x353.jpg 600w, https:\/\/www.fndaterballetto.it\/wp-content\/uploads\/2023\/11\/625a50a2-e4eb-4be8-afcb-2319e4702036_MarcosMorau\u00a9VanesaGomez-800x470.jpg 800w, https:\/\/www.fndaterballetto.it\/wp-content\/uploads\/2023\/11\/625a50a2-e4eb-4be8-afcb-2319e4702036_MarcosMorau\u00a9VanesaGomez-1200x705.jpg 1200w, https:\/\/www.fndaterballetto.it\/wp-content\/uploads\/2023\/11\/625a50a2-e4eb-4be8-afcb-2319e4702036_MarcosMorau\u00a9VanesaGomez.jpg 1280w\" sizes=\"(max-width: 1139px) 100vw, (max-width: 640px) 100vw, 400px\" \/><div class=\"awb-imageframe-caption-container\"><div class=\"awb-imageframe-caption\"><h2 class=\"awb-imageframe-caption-title\"> <\/h2><p class=\"awb-imageframe-caption-text\">MARCOS MORAU<\/p><\/div><\/div><\/a><\/span><\/div><\/div><\/div><div class=\"fusion-layout-column fusion_builder_column fusion-builder-column-1 fusion_builder_column_1_4 1_4 fusion-flex-column\" style=\"--awb-padding-left:0px;--awb-bg-blend:overlay;--awb-bg-size:cover;--awb-width-large:25%;--awb-margin-top-large:0px;--awb-spacing-right-large:calc( 0.04 * calc( 100% - 20px ) );--awb-margin-bottom-large:20px;--awb-spacing-left-large:calc( 0.04 * calc( 100% - 20px ) );--awb-width-medium:100%;--awb-order-medium:0;--awb-spacing-right-medium:10px;--awb-spacing-left-medium:10px;--awb-width-small:100%;--awb-order-small:0;--awb-spacing-right-small:10px;--awb-spacing-left-small:10px;\" data-scroll-devices=\"small-visibility,medium-visibility,large-visibility\"><div class=\"fusion-column-wrapper fusion-column-has-shadow fusion-flex-justify-content-flex-start fusion-content-layout-column\"><div class=\"fusion-image-element \" style=\"--awb-aspect-ratio:1 \/ 1;--awb-object-position:30% 32%;--awb-caption-title-color:rgba(255,255,255,0);--awb-caption-overlay-color:#d33737;--awb-caption-title-font-family:var(--h2_typography-font-family);--awb-caption-title-font-weight:var(--h2_typography-font-weight);--awb-caption-title-font-style:var(--h2_typography-font-style);--awb-caption-title-size:var(--h2_typography-font-size);--awb-caption-title-transform:var(--h2_typography-text-transform);--awb-caption-title-line-height:var(--h2_typography-line-height);--awb-caption-title-letter-spacing:var(--h2_typography-letter-spacing);--awb-filter:saturate(0%);--awb-filter-transition:filter 0.3s ease;--awb-filter-hover:saturate(100%);\"><span class=\" fusion-imageframe imageframe-none imageframe-2 awb-imageframe-style awb-imageframe-style-schantel has-aspect-ratio\"><a class=\"fusion-no-lightbox\" href=\"https:\/\/www.fndaterballetto.it\/en\/artists\/choreographers\/crystal-pite\/\" target=\"_self\" aria-label=\"The Rolex Mentor and Prot\u00e9g\u00e9 Arts Initiative 2018-2019, Dance\"><img decoding=\"async\" width=\"1920\" height=\"1920\" src=\"https:\/\/www.fndaterballetto.it\/wp-content\/uploads\/2025\/07\/Crystal_Rolex-by-Anoush-Abrar_1.jpg\" class=\"img-responsive wp-image-33634 img-with-aspect-ratio\" alt srcset=\"https:\/\/www.fndaterballetto.it\/wp-content\/uploads\/2025\/07\/Crystal_Rolex-by-Anoush-Abrar_1-200x200.jpg 200w, https:\/\/www.fndaterballetto.it\/wp-content\/uploads\/2025\/07\/Crystal_Rolex-by-Anoush-Abrar_1-400x400.jpg 400w, https:\/\/www.fndaterballetto.it\/wp-content\/uploads\/2025\/07\/Crystal_Rolex-by-Anoush-Abrar_1-600x600.jpg 600w, https:\/\/www.fndaterballetto.it\/wp-content\/uploads\/2025\/07\/Crystal_Rolex-by-Anoush-Abrar_1-800x800.jpg 800w, https:\/\/www.fndaterballetto.it\/wp-content\/uploads\/2025\/07\/Crystal_Rolex-by-Anoush-Abrar_1-1200x1200.jpg 1200w, https:\/\/www.fndaterballetto.it\/wp-content\/uploads\/2025\/07\/Crystal_Rolex-by-Anoush-Abrar_1.jpg 1920w\" sizes=\"(max-width: 1139px) 100vw, (max-width: 640px) 100vw, 400px\" \/><div class=\"awb-imageframe-caption-container\"><div class=\"awb-imageframe-caption\"><h2 class=\"awb-imageframe-caption-title\"> <\/h2><p class=\"awb-imageframe-caption-text\">CRYSTAL PITE<\/p><\/div><\/div><\/a><\/span><\/div><\/div><\/div><div class=\"fusion-layout-column fusion_builder_column fusion-builder-column-2 fusion_builder_column_1_4 1_4 fusion-flex-column\" style=\"--awb-bg-blend:overlay;--awb-bg-size:cover;--awb-width-large:25%;--awb-margin-top-large:0px;--awb-spacing-right-large:calc( 0.04 * calc( 100% - 20px ) );--awb-margin-bottom-large:20px;--awb-spacing-left-large:calc( 0.04 * calc( 100% - 20px ) );--awb-width-medium:100%;--awb-order-medium:0;--awb-spacing-right-medium:10px;--awb-spacing-left-medium:10px;--awb-width-small:100%;--awb-order-small:0;--awb-spacing-right-small:10px;--awb-spacing-left-small:10px;\" data-scroll-devices=\"small-visibility,medium-visibility,large-visibility\"><div class=\"fusion-column-wrapper fusion-column-has-shadow fusion-flex-justify-content-flex-start fusion-content-layout-column\"><div class=\"fusion-image-element \" style=\"--awb-aspect-ratio:1 \/ 1;--awb-object-position:48% 81%;--awb-caption-title-color:rgba(255,255,255,0);--awb-caption-overlay-color:#d33737;--awb-caption-title-font-family:var(--h2_typography-font-family);--awb-caption-title-font-weight:var(--h2_typography-font-weight);--awb-caption-title-font-style:var(--h2_typography-font-style);--awb-caption-title-size:var(--h2_typography-font-size);--awb-caption-title-transform:var(--h2_typography-text-transform);--awb-caption-title-line-height:var(--h2_typography-line-height);--awb-caption-title-letter-spacing:var(--h2_typography-letter-spacing);--awb-filter:saturate(0%);--awb-filter-transition:filter 0.3s ease;--awb-filter-hover:saturate(100%);\"><span class=\" fusion-imageframe imageframe-none imageframe-3 awb-imageframe-style awb-imageframe-style-schantel has-aspect-ratio\"><a class=\"fusion-no-lightbox\" href=\"https:\/\/www.fndaterballetto.it\/en\/artists\/choreographers\/angelin-preljocaj\/\" target=\"_self\" aria-label=\"AngelinPreljocaj2014 \u00a9 Joerg Letz\"><img decoding=\"async\" width=\"1705\" height=\"2048\" src=\"https:\/\/www.fndaterballetto.it\/wp-content\/uploads\/2021\/05\/AngelinPreljocaj2014-\u00a9-Joerg-Letz-1-e1622398376973.jpg\" class=\"img-responsive wp-image-10277 img-with-aspect-ratio\" alt \/><div class=\"awb-imageframe-caption-container\"><div class=\"awb-imageframe-caption\"><h2 class=\"awb-imageframe-caption-title\"> <\/h2><p class=\"awb-imageframe-caption-text\">ANGELIN PRELJOCAJ<\/p><\/div><\/div><\/a><\/span><\/div><\/div><\/div><div class=\"fusion-layout-column fusion_builder_column fusion-builder-column-3 fusion_builder_column_1_4 1_4 fusion-flex-column\" style=\"--awb-padding-left:0px;--awb-bg-blend:overlay;--awb-bg-size:cover;--awb-width-large:25%;--awb-margin-top-large:0px;--awb-spacing-right-large:calc( 0.04 * calc( 100% - 20px ) );--awb-margin-bottom-large:20px;--awb-spacing-left-large:calc( 0.04 * calc( 100% - 20px ) );--awb-width-medium:100%;--awb-order-medium:0;--awb-spacing-right-medium:10px;--awb-spacing-left-medium:10px;--awb-width-small:100%;--awb-order-small:0;--awb-spacing-right-small:10px;--awb-spacing-left-small:10px;\" data-scroll-devices=\"small-visibility,medium-visibility,large-visibility\"><div class=\"fusion-column-wrapper fusion-column-has-shadow fusion-flex-justify-content-flex-start fusion-content-layout-column\"><div class=\"fusion-image-element \" style=\"--awb-aspect-ratio:1 \/ 1;--awb-object-position:17% 46%;--awb-caption-title-color:rgba(255,255,255,0);--awb-caption-overlay-color:#d33737;--awb-caption-title-font-family:var(--h2_typography-font-family);--awb-caption-title-font-weight:var(--h2_typography-font-weight);--awb-caption-title-font-style:var(--h2_typography-font-style);--awb-caption-title-size:var(--h2_typography-font-size);--awb-caption-title-transform:var(--h2_typography-text-transform);--awb-caption-title-line-height:var(--h2_typography-line-height);--awb-caption-title-letter-spacing:var(--h2_typography-letter-spacing);--awb-filter:saturate(0%);--awb-filter-transition:filter 0.3s ease;--awb-filter-hover:saturate(100%);\"><span class=\" fusion-imageframe imageframe-none imageframe-4 awb-imageframe-style awb-imageframe-style-schantel has-aspect-ratio\"><a class=\"fusion-no-lightbox\" href=\"https:\/\/www.fndaterballetto.it\/en\/artists\/choreographers\/iratxe-ansa\/\" target=\"_self\" aria-label=\"BN Danilo Moroni, Juan Carlos Toledo 9\"><img decoding=\"async\" width=\"1366\" height=\"2048\" src=\"https:\/\/www.fndaterballetto.it\/wp-content\/uploads\/2023\/11\/BN-Danilo-Moroni-Juan-Carlos-Toledo-9.jpeg\" class=\"img-responsive wp-image-25260 img-with-aspect-ratio\" alt srcset=\"https:\/\/www.fndaterballetto.it\/wp-content\/uploads\/2023\/11\/BN-Danilo-Moroni-Juan-Carlos-Toledo-9-200x300.jpeg 200w, https:\/\/www.fndaterballetto.it\/wp-content\/uploads\/2023\/11\/BN-Danilo-Moroni-Juan-Carlos-Toledo-9-400x600.jpeg 400w, https:\/\/www.fndaterballetto.it\/wp-content\/uploads\/2023\/11\/BN-Danilo-Moroni-Juan-Carlos-Toledo-9-600x900.jpeg 600w, https:\/\/www.fndaterballetto.it\/wp-content\/uploads\/2023\/11\/BN-Danilo-Moroni-Juan-Carlos-Toledo-9-800x1199.jpeg 800w, https:\/\/www.fndaterballetto.it\/wp-content\/uploads\/2023\/11\/BN-Danilo-Moroni-Juan-Carlos-Toledo-9-1200x1799.jpeg 1200w, https:\/\/www.fndaterballetto.it\/wp-content\/uploads\/2023\/11\/BN-Danilo-Moroni-Juan-Carlos-Toledo-9.jpeg 1366w\" sizes=\"(max-width: 1139px) 100vw, (max-width: 640px) 100vw, 400px\" \/><div class=\"awb-imageframe-caption-container\"><div class=\"awb-imageframe-caption\"><h2 class=\"awb-imageframe-caption-title\"> <\/h2><p class=\"awb-imageframe-caption-text\">IRATXE ANSA<\/p><\/div><\/div><\/a><\/span><\/div><\/div><\/div><div class=\"fusion-layout-column fusion_builder_column fusion-builder-column-4 fusion_builder_column_1_4 1_4 fusion-flex-column\" style=\"--awb-bg-blend:overlay;--awb-bg-size:cover;--awb-width-large:25%;--awb-margin-top-large:0px;--awb-spacing-right-large:calc( 0.04 * calc( 100% - 20px ) );--awb-margin-bottom-large:20px;--awb-spacing-left-large:calc( 0.04 * calc( 100% - 20px ) );--awb-width-medium:100%;--awb-order-medium:0;--awb-spacing-right-medium:10px;--awb-spacing-left-medium:10px;--awb-width-small:100%;--awb-order-small:0;--awb-spacing-right-small:10px;--awb-spacing-left-small:10px;\" data-scroll-devices=\"small-visibility,medium-visibility,large-visibility\"><div class=\"fusion-column-wrapper fusion-column-has-shadow fusion-flex-justify-content-flex-start fusion-content-layout-column\"><div class=\"fusion-image-element \" style=\"--awb-aspect-ratio:1 \/ 1;--awb-object-position:21% 27%;--awb-caption-title-color:rgba(255,255,255,0);--awb-caption-overlay-color:#d33737;--awb-caption-title-font-family:var(--h2_typography-font-family);--awb-caption-title-font-weight:var(--h2_typography-font-weight);--awb-caption-title-font-style:var(--h2_typography-font-style);--awb-caption-title-size:var(--h2_typography-font-size);--awb-caption-title-transform:var(--h2_typography-text-transform);--awb-caption-title-line-height:var(--h2_typography-line-height);--awb-caption-title-letter-spacing:var(--h2_typography-letter-spacing);--awb-filter:saturate(0%);--awb-filter-transition:filter 0.3s ease;--awb-filter-hover:saturate(100%);\"><span class=\" fusion-imageframe imageframe-none imageframe-5 awb-imageframe-style awb-imageframe-style-schantel has-aspect-ratio\"><a class=\"fusion-no-lightbox\" href=\"https:\/\/www.fndaterballetto.it\/en\/artists\/choreographers\/igor-bacovich\/\" target=\"_self\" aria-label=\"BN Danilo Moroni, Juan Carlos Toledo 8\"><img decoding=\"async\" width=\"1145\" height=\"1601\" src=\"https:\/\/www.fndaterballetto.it\/wp-content\/uploads\/2023\/11\/BN-Danilo-Moroni-Juan-Carlos-Toledo-8.jpeg\" class=\"img-responsive wp-image-25264 img-with-aspect-ratio\" alt srcset=\"https:\/\/www.fndaterballetto.it\/wp-content\/uploads\/2023\/11\/BN-Danilo-Moroni-Juan-Carlos-Toledo-8-200x280.jpeg 200w, https:\/\/www.fndaterballetto.it\/wp-content\/uploads\/2023\/11\/BN-Danilo-Moroni-Juan-Carlos-Toledo-8-400x559.jpeg 400w, https:\/\/www.fndaterballetto.it\/wp-content\/uploads\/2023\/11\/BN-Danilo-Moroni-Juan-Carlos-Toledo-8-600x839.jpeg 600w, https:\/\/www.fndaterballetto.it\/wp-content\/uploads\/2023\/11\/BN-Danilo-Moroni-Juan-Carlos-Toledo-8-800x1119.jpeg 800w, https:\/\/www.fndaterballetto.it\/wp-content\/uploads\/2023\/11\/BN-Danilo-Moroni-Juan-Carlos-Toledo-8.jpeg 1145w\" sizes=\"(max-width: 1139px) 100vw, (max-width: 640px) 100vw, 400px\" \/><div class=\"awb-imageframe-caption-container\"><div class=\"awb-imageframe-caption\"><h2 class=\"awb-imageframe-caption-title\"> <\/h2><p class=\"awb-imageframe-caption-text\">IGOR BACOVICH<\/p><\/div><\/div><\/a><\/span><\/div><\/div><\/div><div class=\"fusion-layout-column fusion_builder_column fusion-builder-column-5 fusion_builder_column_1_4 1_4 fusion-flex-column\" style=\"--awb-bg-blend:overlay;--awb-bg-size:cover;--awb-width-large:25%;--awb-margin-top-large:0px;--awb-spacing-right-large:calc( 0.04 * calc( 100% - 20px ) );--awb-margin-bottom-large:20px;--awb-spacing-left-large:calc( 0.04 * calc( 100% - 20px ) );--awb-width-medium:100%;--awb-order-medium:0;--awb-spacing-right-medium:10px;--awb-spacing-left-medium:10px;--awb-width-small:100%;--awb-order-small:0;--awb-spacing-right-small:10px;--awb-spacing-left-small:10px;\" data-scroll-devices=\"small-visibility,medium-visibility,large-visibility\"><div class=\"fusion-column-wrapper fusion-column-has-shadow fusion-flex-justify-content-flex-start fusion-content-layout-column\"><div class=\"fusion-image-element \" style=\"--awb-aspect-ratio:1 \/ 1;--awb-object-position:20% 27%;--awb-caption-title-color:rgba(255,255,255,0);--awb-caption-overlay-color:#d33737;--awb-caption-title-font-family:var(--h2_typography-font-family);--awb-caption-title-font-weight:var(--h2_typography-font-weight);--awb-caption-title-font-style:var(--h2_typography-font-style);--awb-caption-title-size:var(--h2_typography-font-size);--awb-caption-title-transform:var(--h2_typography-text-transform);--awb-caption-title-line-height:var(--h2_typography-line-height);--awb-caption-title-letter-spacing:var(--h2_typography-letter-spacing);--awb-filter:saturate(0%);--awb-filter-transition:filter 0.3s ease;--awb-filter-hover:saturate(100%);\"><span class=\" fusion-imageframe imageframe-none imageframe-6 awb-imageframe-style awb-imageframe-style-schantel has-aspect-ratio\"><a class=\"fusion-no-lightbox\" href=\"https:\/\/www.fndaterballetto.it\/en\/artists\/choreographers\/philippe-kratz\/\" target=\"_self\" aria-label=\"foto-Philippe-alice-vacondio\"><img decoding=\"async\" width=\"646\" height=\"646\" src=\"https:\/\/www.fndaterballetto.it\/wp-content\/uploads\/2023\/02\/foto-Philippe-alice-vacondio.jpg\" class=\"img-responsive wp-image-19307 img-with-aspect-ratio\" alt srcset=\"https:\/\/www.fndaterballetto.it\/wp-content\/uploads\/2023\/02\/foto-Philippe-alice-vacondio-200x200.jpg 200w, https:\/\/www.fndaterballetto.it\/wp-content\/uploads\/2023\/02\/foto-Philippe-alice-vacondio-400x400.jpg 400w, https:\/\/www.fndaterballetto.it\/wp-content\/uploads\/2023\/02\/foto-Philippe-alice-vacondio-600x600.jpg 600w, https:\/\/www.fndaterballetto.it\/wp-content\/uploads\/2023\/02\/foto-Philippe-alice-vacondio.jpg 646w\" sizes=\"(max-width: 1139px) 100vw, (max-width: 640px) 100vw, 400px\" \/><div class=\"awb-imageframe-caption-container\"><div class=\"awb-imageframe-caption\"><h2 class=\"awb-imageframe-caption-title\"> <\/h2><p class=\"awb-imageframe-caption-text\">PHILIPPE KRATZ<\/p><\/div><\/div><\/a><\/span><\/div><\/div><\/div><div class=\"fusion-layout-column fusion_builder_column fusion-builder-column-6 fusion_builder_column_1_4 1_4 fusion-flex-column\" style=\"--awb-bg-blend:overlay;--awb-bg-size:cover;--awb-width-large:25%;--awb-margin-top-large:0px;--awb-spacing-right-large:calc( 0.04 * calc( 100% - 20px ) );--awb-margin-bottom-large:20px;--awb-spacing-left-large:calc( 0.04 * calc( 100% - 20px ) );--awb-width-medium:100%;--awb-order-medium:0;--awb-spacing-right-medium:10px;--awb-spacing-left-medium:10px;--awb-width-small:100%;--awb-order-small:0;--awb-spacing-right-small:10px;--awb-spacing-left-small:10px;\" data-scroll-devices=\"small-visibility,medium-visibility,large-visibility\"><div class=\"fusion-column-wrapper fusion-column-has-shadow fusion-flex-justify-content-flex-start fusion-content-layout-column\"><div class=\"fusion-image-element \" style=\"--awb-aspect-ratio:1 \/ 1;--awb-object-position:32% 30%;--awb-caption-title-color:rgba(255,255,255,0);--awb-caption-overlay-color:#d33737;--awb-caption-title-font-family:var(--h2_typography-font-family);--awb-caption-title-font-weight:var(--h2_typography-font-weight);--awb-caption-title-font-style:var(--h2_typography-font-style);--awb-caption-title-size:var(--h2_typography-font-size);--awb-caption-title-transform:var(--h2_typography-text-transform);--awb-caption-title-line-height:var(--h2_typography-line-height);--awb-caption-title-letter-spacing:var(--h2_typography-letter-spacing);--awb-filter:saturate(0%);--awb-filter-transition:filter 0.3s ease;--awb-filter-hover:saturate(100%);\"><span class=\" fusion-imageframe imageframe-none imageframe-7 awb-imageframe-style awb-imageframe-style-schantel has-aspect-ratio\"><a class=\"fusion-no-lightbox\" href=\"https:\/\/www.fndaterballetto.it\/en\/artists\/choreographers\/johan-inger\/\" target=\"_self\" aria-label=\"Johan-Inger_02-\u00a9-Photo-Bengt-Wanselius\"><img decoding=\"async\" width=\"1324\" height=\"2048\" src=\"https:\/\/www.fndaterballetto.it\/wp-content\/uploads\/2023\/02\/Johan-Inger_02-\u00a9-Photo-Bengt-Wanselius.jpg\" class=\"img-responsive wp-image-19301 img-with-aspect-ratio\" alt srcset=\"https:\/\/www.fndaterballetto.it\/wp-content\/uploads\/2023\/02\/Johan-Inger_02-\u00a9-Photo-Bengt-Wanselius-200x309.jpg 200w, https:\/\/www.fndaterballetto.it\/wp-content\/uploads\/2023\/02\/Johan-Inger_02-\u00a9-Photo-Bengt-Wanselius-400x619.jpg 400w, https:\/\/www.fndaterballetto.it\/wp-content\/uploads\/2023\/02\/Johan-Inger_02-\u00a9-Photo-Bengt-Wanselius-600x928.jpg 600w, https:\/\/www.fndaterballetto.it\/wp-content\/uploads\/2023\/02\/Johan-Inger_02-\u00a9-Photo-Bengt-Wanselius-800x1237.jpg 800w, https:\/\/www.fndaterballetto.it\/wp-content\/uploads\/2023\/02\/Johan-Inger_02-\u00a9-Photo-Bengt-Wanselius-1200x1856.jpg 1200w, https:\/\/www.fndaterballetto.it\/wp-content\/uploads\/2023\/02\/Johan-Inger_02-\u00a9-Photo-Bengt-Wanselius.jpg 1324w\" sizes=\"(max-width: 1139px) 100vw, (max-width: 640px) 100vw, 400px\" \/><div class=\"awb-imageframe-caption-container\"><div class=\"awb-imageframe-caption\"><h2 class=\"awb-imageframe-caption-title\"> <\/h2><p class=\"awb-imageframe-caption-text\">JOHAN INGER<\/p><\/div><\/div><\/a><\/span><\/div><\/div><\/div><div class=\"fusion-layout-column fusion_builder_column fusion-builder-column-7 fusion_builder_column_1_4 1_4 fusion-flex-column\" style=\"--awb-bg-blend:overlay;--awb-bg-size:cover;--awb-width-large:25%;--awb-margin-top-large:0px;--awb-spacing-right-large:calc( 0.04 * calc( 100% - 20px ) );--awb-margin-bottom-large:20px;--awb-spacing-left-large:calc( 0.04 * calc( 100% - 20px ) );--awb-width-medium:100%;--awb-order-medium:0;--awb-spacing-right-medium:10px;--awb-spacing-left-medium:10px;--awb-width-small:100%;--awb-order-small:0;--awb-spacing-right-small:10px;--awb-spacing-left-small:10px;\" data-scroll-devices=\"small-visibility,medium-visibility,large-visibility\"><div class=\"fusion-column-wrapper fusion-column-has-shadow fusion-flex-justify-content-flex-start fusion-content-layout-column\"><div class=\"fusion-image-element \" style=\"--awb-aspect-ratio:1 \/ 1;--awb-caption-title-color:rgba(255,255,255,0);--awb-caption-overlay-color:#d33737;--awb-caption-title-font-family:var(--h2_typography-font-family);--awb-caption-title-font-weight:var(--h2_typography-font-weight);--awb-caption-title-font-style:var(--h2_typography-font-style);--awb-caption-title-size:var(--h2_typography-font-size);--awb-caption-title-transform:var(--h2_typography-text-transform);--awb-caption-title-line-height:var(--h2_typography-line-height);--awb-caption-title-letter-spacing:var(--h2_typography-letter-spacing);--awb-filter:saturate(0%);--awb-filter-transition:filter 0.3s ease;--awb-filter-hover:saturate(100%);\"><span class=\" fusion-imageframe imageframe-none imageframe-8 awb-imageframe-style awb-imageframe-style-schantel has-aspect-ratio\"><a class=\"fusion-no-lightbox\" href=\"https:\/\/www.fndaterballetto.it\/en\/artists\/choreographers\/diego-tortelli\/\" target=\"_self\" aria-label=\"Diego-Tortelli-e1649262707898\"><img decoding=\"async\" width=\"1244\" height=\"1264\" src=\"https:\/\/www.fndaterballetto.it\/wp-content\/uploads\/2023\/02\/Diego-Tortelli-e1649262707898.jpg\" class=\"img-responsive wp-image-19320 img-with-aspect-ratio\" alt srcset=\"https:\/\/www.fndaterballetto.it\/wp-content\/uploads\/2023\/02\/Diego-Tortelli-e1649262707898-200x203.jpg 200w, https:\/\/www.fndaterballetto.it\/wp-content\/uploads\/2023\/02\/Diego-Tortelli-e1649262707898-400x406.jpg 400w, https:\/\/www.fndaterballetto.it\/wp-content\/uploads\/2023\/02\/Diego-Tortelli-e1649262707898-600x610.jpg 600w, https:\/\/www.fndaterballetto.it\/wp-content\/uploads\/2023\/02\/Diego-Tortelli-e1649262707898-800x813.jpg 800w, https:\/\/www.fndaterballetto.it\/wp-content\/uploads\/2023\/02\/Diego-Tortelli-e1649262707898-1200x1219.jpg 1200w, https:\/\/www.fndaterballetto.it\/wp-content\/uploads\/2023\/02\/Diego-Tortelli-e1649262707898.jpg 1244w\" sizes=\"(max-width: 1139px) 100vw, (max-width: 640px) 100vw, 400px\" \/><div class=\"awb-imageframe-caption-container\"><div class=\"awb-imageframe-caption\"><h2 class=\"awb-imageframe-caption-title\"> <\/h2><p class=\"awb-imageframe-caption-text\">DIEGO TORTELLI<\/p><\/div><\/div><\/a><\/span><\/div><\/div><\/div><div class=\"fusion-layout-column fusion_builder_column fusion-builder-column-8 fusion_builder_column_1_4 1_4 fusion-flex-column\" style=\"--awb-bg-blend:overlay;--awb-bg-size:cover;--awb-width-large:25%;--awb-margin-top-large:0px;--awb-spacing-right-large:calc( 0.04 * calc( 100% - 20px ) );--awb-margin-bottom-large:20px;--awb-spacing-left-large:calc( 0.04 * calc( 100% - 20px ) );--awb-width-medium:100%;--awb-order-medium:0;--awb-spacing-right-medium:10px;--awb-spacing-left-medium:10px;--awb-width-small:100%;--awb-order-small:0;--awb-spacing-right-small:10px;--awb-spacing-left-small:10px;\" data-scroll-devices=\"small-visibility,medium-visibility,large-visibility\"><div class=\"fusion-column-wrapper fusion-column-has-shadow fusion-flex-justify-content-flex-start fusion-content-layout-column\"><div class=\"fusion-image-element \" style=\"--awb-aspect-ratio:1 \/ 1;--awb-object-position:50% 43%;--awb-caption-title-color:rgba(255,255,255,0);--awb-caption-overlay-color:#d33737;--awb-caption-title-font-family:var(--body_typography-font-family);--awb-caption-title-font-weight:var(--body_typography-font-weight);--awb-caption-title-font-style:var(--body_typography-font-style);--awb-caption-title-size:var(--body_typography-font-size);--awb-caption-title-transform:var(--body_typography-text-transform);--awb-caption-title-line-height:var(--body_typography-line-height);--awb-caption-title-letter-spacing:var(--body_typography-letter-spacing);--awb-filter:saturate(0%);--awb-filter-transition:filter 0.3s ease;--awb-filter-hover:saturate(100%);\"><span class=\" fusion-imageframe imageframe-none imageframe-9 awb-imageframe-style awb-imageframe-style-schantel has-aspect-ratio\"><a class=\"fusion-no-lightbox\" href=\"https:\/\/www.fndaterballetto.it\/en\/artists\/choreographers\/francesca-lattuada\/\" target=\"_self\" aria-label=\"Francesca-Lattuada-ph.Maria-Letizia-Piantoni-2-e1622404617709\"><img decoding=\"async\" width=\"500\" height=\"562\" src=\"https:\/\/www.fndaterballetto.it\/wp-content\/uploads\/2023\/02\/Francesca-Lattuada-ph.Maria-Letizia-Piantoni-2-e1622404617709.jpg\" class=\"img-responsive wp-image-19296 img-with-aspect-ratio\" alt srcset=\"https:\/\/www.fndaterballetto.it\/wp-content\/uploads\/2023\/02\/Francesca-Lattuada-ph.Maria-Letizia-Piantoni-2-e1622404617709-200x225.jpg 200w, https:\/\/www.fndaterballetto.it\/wp-content\/uploads\/2023\/02\/Francesca-Lattuada-ph.Maria-Letizia-Piantoni-2-e1622404617709-400x450.jpg 400w, https:\/\/www.fndaterballetto.it\/wp-content\/uploads\/2023\/02\/Francesca-Lattuada-ph.Maria-Letizia-Piantoni-2-e1622404617709.jpg 500w\" sizes=\"(max-width: 1139px) 100vw, (max-width: 640px) 100vw, 400px\" \/><div class=\"awb-imageframe-caption-container\"><div class=\"awb-imageframe-caption\"><div class=\"awb-imageframe-caption-title\"> <\/div><p class=\"awb-imageframe-caption-text\">FRANCESCA LATTUADA<\/p><\/div><\/div><\/a><\/span><\/div><\/div><\/div><div class=\"fusion-layout-column fusion_builder_column fusion-builder-column-9 fusion_builder_column_1_4 1_4 fusion-flex-column\" style=\"--awb-bg-blend:overlay;--awb-bg-size:cover;--awb-width-large:25%;--awb-margin-top-large:0px;--awb-spacing-right-large:calc( 0.04 * calc( 100% - 20px ) );--awb-margin-bottom-large:20px;--awb-spacing-left-large:calc( 0.04 * calc( 100% - 20px ) );--awb-width-medium:100%;--awb-order-medium:0;--awb-spacing-right-medium:10px;--awb-spacing-left-medium:10px;--awb-width-small:100%;--awb-order-small:0;--awb-spacing-right-small:10px;--awb-spacing-left-small:10px;\" data-scroll-devices=\"small-visibility,medium-visibility,large-visibility\"><div class=\"fusion-column-wrapper fusion-column-has-shadow fusion-flex-justify-content-flex-start fusion-content-layout-column\"><div class=\"fusion-image-element \" style=\"--awb-aspect-ratio:1 \/ 1;--awb-object-position:40% 29%;--awb-caption-title-color:rgba(255,255,255,0);--awb-caption-overlay-color:#d33737;--awb-caption-title-font-family:var(--h2_typography-font-family);--awb-caption-title-font-weight:var(--h2_typography-font-weight);--awb-caption-title-font-style:var(--h2_typography-font-style);--awb-caption-title-size:var(--h2_typography-font-size);--awb-caption-title-transform:var(--h2_typography-text-transform);--awb-caption-title-line-height:var(--h2_typography-line-height);--awb-caption-title-letter-spacing:var(--h2_typography-letter-spacing);--awb-filter:saturate(0%);--awb-filter-transition:filter 0.3s ease;--awb-filter-hover:saturate(100%);\"><span class=\" fusion-imageframe imageframe-none imageframe-10 awb-imageframe-style awb-imageframe-style-schantel has-aspect-ratio\"><a class=\"fusion-no-lightbox\" href=\"https:\/\/www.fndaterballetto.it\/en\/artists\/choreographers\/ohad-naharin\/\" target=\"_self\" aria-label=\"Ohad Naharin by Ilya Melnikov\"><img decoding=\"async\" width=\"1638\" height=\"2048\" src=\"https:\/\/www.fndaterballetto.it\/wp-content\/uploads\/2019\/05\/Ohad-Naharin-by-Ilya-Melnikov.jpg\" class=\"img-responsive wp-image-4653 img-with-aspect-ratio\" alt srcset=\"https:\/\/www.fndaterballetto.it\/wp-content\/uploads\/2019\/05\/Ohad-Naharin-by-Ilya-Melnikov-200x250.jpg 200w, https:\/\/www.fndaterballetto.it\/wp-content\/uploads\/2019\/05\/Ohad-Naharin-by-Ilya-Melnikov-400x500.jpg 400w, https:\/\/www.fndaterballetto.it\/wp-content\/uploads\/2019\/05\/Ohad-Naharin-by-Ilya-Melnikov-600x750.jpg 600w, https:\/\/www.fndaterballetto.it\/wp-content\/uploads\/2019\/05\/Ohad-Naharin-by-Ilya-Melnikov-800x1000.jpg 800w, https:\/\/www.fndaterballetto.it\/wp-content\/uploads\/2019\/05\/Ohad-Naharin-by-Ilya-Melnikov-1200x1500.jpg 1200w, https:\/\/www.fndaterballetto.it\/wp-content\/uploads\/2019\/05\/Ohad-Naharin-by-Ilya-Melnikov.jpg 1638w\" sizes=\"(max-width: 1139px) 100vw, (max-width: 640px) 100vw, 400px\" \/><div class=\"awb-imageframe-caption-container\"><div class=\"awb-imageframe-caption\"><h2 class=\"awb-imageframe-caption-title\"> <\/h2><p class=\"awb-imageframe-caption-text\">OHAD NAHARIN<\/p><\/div><\/div><\/a><\/span><\/div><\/div><\/div><div class=\"fusion-layout-column fusion_builder_column fusion-builder-column-10 fusion_builder_column_1_4 1_4 fusion-flex-column\" style=\"--awb-bg-blend:overlay;--awb-bg-size:cover;--awb-width-large:25%;--awb-margin-top-large:0px;--awb-spacing-right-large:calc( 0.04 * calc( 100% - 20px ) );--awb-margin-bottom-large:20px;--awb-spacing-left-large:calc( 0.04 * calc( 100% - 20px ) );--awb-width-medium:100%;--awb-order-medium:0;--awb-spacing-right-medium:10px;--awb-spacing-left-medium:10px;--awb-width-small:100%;--awb-order-small:0;--awb-spacing-right-small:10px;--awb-spacing-left-small:10px;\" data-scroll-devices=\"small-visibility,medium-visibility,large-visibility\"><div class=\"fusion-column-wrapper fusion-column-has-shadow fusion-flex-justify-content-flex-start fusion-content-layout-column\"><div class=\"fusion-image-element \" style=\"--awb-caption-title-color:rgba(255,255,255,0);--awb-caption-overlay-color:#d33737;--awb-caption-title-font-family:var(--h2_typography-font-family);--awb-caption-title-font-weight:var(--h2_typography-font-weight);--awb-caption-title-font-style:var(--h2_typography-font-style);--awb-caption-title-size:var(--h2_typography-font-size);--awb-caption-title-transform:var(--h2_typography-text-transform);--awb-caption-title-line-height:var(--h2_typography-line-height);--awb-caption-title-letter-spacing:var(--h2_typography-letter-spacing);--awb-filter:saturate(0%);--awb-filter-transition:filter 0.3s ease;--awb-filter-hover:saturate(100%);\"><span class=\" fusion-imageframe imageframe-none imageframe-11 awb-imageframe-style awb-imageframe-style-schantel\"><a class=\"fusion-no-lightbox\" href=\"https:\/\/www.fndaterballetto.it\/en\/artists\/choreographers\/norge-cedeno-raffo\/\" target=\"_self\" aria-label=\"norge\"><img decoding=\"async\" width=\"1440\" height=\"1440\" src=\"https:\/\/www.fndaterballetto.it\/wp-content\/uploads\/2021\/05\/norge.jpg\" alt class=\"img-responsive wp-image-10008\" srcset=\"https:\/\/www.fndaterballetto.it\/wp-content\/uploads\/2021\/05\/norge-200x200.jpg 200w, https:\/\/www.fndaterballetto.it\/wp-content\/uploads\/2021\/05\/norge-400x400.jpg 400w, https:\/\/www.fndaterballetto.it\/wp-content\/uploads\/2021\/05\/norge-600x600.jpg 600w, https:\/\/www.fndaterballetto.it\/wp-content\/uploads\/2021\/05\/norge-800x800.jpg 800w, https:\/\/www.fndaterballetto.it\/wp-content\/uploads\/2021\/05\/norge-1200x1200.jpg 1200w, https:\/\/www.fndaterballetto.it\/wp-content\/uploads\/2021\/05\/norge.jpg 1440w\" sizes=\"(max-width: 1139px) 100vw, (max-width: 640px) 100vw, 1440px\" \/><div class=\"awb-imageframe-caption-container\"><div class=\"awb-imageframe-caption\"><h2 class=\"awb-imageframe-caption-title\"> <\/h2><p class=\"awb-imageframe-caption-text\">NORGE CEDE\u00d1O RAFFO<\/p><\/div><\/div><\/a><\/span><\/div><\/div><\/div><div class=\"fusion-layout-column fusion_builder_column fusion-builder-column-11 fusion_builder_column_1_4 1_4 fusion-flex-column\" style=\"--awb-bg-blend:overlay;--awb-bg-size:cover;--awb-width-large:25%;--awb-margin-top-large:0px;--awb-spacing-right-large:calc( 0.04 * calc( 100% - 20px ) );--awb-margin-bottom-large:20px;--awb-spacing-left-large:calc( 0.04 * calc( 100% - 20px ) );--awb-width-medium:100%;--awb-order-medium:0;--awb-spacing-right-medium:10px;--awb-spacing-left-medium:10px;--awb-width-small:100%;--awb-order-small:0;--awb-spacing-right-small:10px;--awb-spacing-left-small:10px;\" data-scroll-devices=\"small-visibility,medium-visibility,large-visibility\"><div class=\"fusion-column-wrapper fusion-column-has-shadow fusion-flex-justify-content-flex-start fusion-content-layout-column\"><div class=\"fusion-image-element \" style=\"--awb-aspect-ratio:1 \/ 1;--awb-object-position:47% 44%;--awb-caption-title-color:rgba(255,255,255,0);--awb-caption-overlay-color:#d33737;--awb-caption-title-font-family:var(--h2_typography-font-family);--awb-caption-title-font-weight:var(--h2_typography-font-weight);--awb-caption-title-font-style:var(--h2_typography-font-style);--awb-caption-title-size:var(--h2_typography-font-size);--awb-caption-title-transform:var(--h2_typography-text-transform);--awb-caption-title-line-height:var(--h2_typography-line-height);--awb-caption-title-letter-spacing:var(--h2_typography-letter-spacing);--awb-filter:saturate(0%);--awb-filter-transition:filter 0.3s ease;--awb-filter-hover:saturate(100%);\"><span class=\" fusion-imageframe imageframe-none imageframe-12 awb-imageframe-style awb-imageframe-style-schantel has-aspect-ratio\"><a class=\"fusion-no-lightbox\" href=\"https:\/\/www.fndaterballetto.it\/en\/artists\/choreographers\/eyal-dadon\/\" target=\"_self\" aria-label=\"Eyal-Dadon-Credit-Chang-Dance-Theater\"><img decoding=\"async\" width=\"1018\" height=\"1018\" src=\"https:\/\/www.fndaterballetto.it\/wp-content\/uploads\/2023\/02\/Eyal-Dadon-Credit-Chang-Dance-Theater.jpg\" class=\"img-responsive wp-image-19304 img-with-aspect-ratio\" alt srcset=\"https:\/\/www.fndaterballetto.it\/wp-content\/uploads\/2023\/02\/Eyal-Dadon-Credit-Chang-Dance-Theater-200x200.jpg 200w, https:\/\/www.fndaterballetto.it\/wp-content\/uploads\/2023\/02\/Eyal-Dadon-Credit-Chang-Dance-Theater-400x400.jpg 400w, https:\/\/www.fndaterballetto.it\/wp-content\/uploads\/2023\/02\/Eyal-Dadon-Credit-Chang-Dance-Theater-600x600.jpg 600w, https:\/\/www.fndaterballetto.it\/wp-content\/uploads\/2023\/02\/Eyal-Dadon-Credit-Chang-Dance-Theater-800x800.jpg 800w, https:\/\/www.fndaterballetto.it\/wp-content\/uploads\/2023\/02\/Eyal-Dadon-Credit-Chang-Dance-Theater.jpg 1018w\" sizes=\"(max-width: 1139px) 100vw, (max-width: 640px) 100vw, 400px\" \/><div class=\"awb-imageframe-caption-container\"><div class=\"awb-imageframe-caption\"><h2 class=\"awb-imageframe-caption-title\"> <\/h2><p class=\"awb-imageframe-caption-text\">EYAL DADON<\/p><\/div><\/div><\/a><\/span><\/div><\/div><\/div><div class=\"fusion-layout-column fusion_builder_column fusion-builder-column-12 fusion_builder_column_1_4 1_4 fusion-flex-column\" style=\"--awb-bg-blend:overlay;--awb-bg-size:cover;--awb-width-large:25%;--awb-margin-top-large:0px;--awb-spacing-right-large:calc( 0.04 * calc( 100% - 20px ) );--awb-margin-bottom-large:20px;--awb-spacing-left-large:calc( 0.04 * calc( 100% - 20px ) );--awb-width-medium:100%;--awb-order-medium:0;--awb-spacing-right-medium:10px;--awb-spacing-left-medium:10px;--awb-width-small:100%;--awb-order-small:0;--awb-spacing-right-small:10px;--awb-spacing-left-small:10px;\" data-scroll-devices=\"small-visibility,medium-visibility,large-visibility\"><div class=\"fusion-column-wrapper fusion-column-has-shadow fusion-flex-justify-content-flex-start fusion-content-layout-column\"><div class=\"fusion-image-element \" style=\"--awb-aspect-ratio:1 \/ 1;--awb-caption-title-color:rgba(255,255,255,0);--awb-caption-overlay-color:#d33737;--awb-caption-title-font-family:var(--h2_typography-font-family);--awb-caption-title-font-weight:var(--h2_typography-font-weight);--awb-caption-title-font-style:var(--h2_typography-font-style);--awb-caption-title-size:var(--h2_typography-font-size);--awb-caption-title-transform:var(--h2_typography-text-transform);--awb-caption-title-line-height:var(--h2_typography-line-height);--awb-caption-title-letter-spacing:var(--h2_typography-letter-spacing);--awb-filter:saturate(0%);--awb-filter-transition:filter 0.3s ease;--awb-filter-hover:saturate(100%);\"><span class=\" fusion-imageframe imageframe-none imageframe-13 awb-imageframe-style awb-imageframe-style-schantel has-aspect-ratio\"><a class=\"fusion-no-lightbox\" href=\"https:\/\/www.fndaterballetto.it\/en\/artists\/choreographers\/pietro-marullo\/\" target=\"_self\" aria-label=\"Pietro-Marullo@Maude-Neve_1-1-e1622397929118\"><img decoding=\"async\" width=\"1280\" height=\"1280\" src=\"https:\/\/www.fndaterballetto.it\/wp-content\/uploads\/2023\/02\/Pietro-Marullo@Maude-Neve_1-1-e1622397929118.jpg\" class=\"img-responsive wp-image-19314 img-with-aspect-ratio\" alt srcset=\"https:\/\/www.fndaterballetto.it\/wp-content\/uploads\/2023\/02\/Pietro-Marullo@Maude-Neve_1-1-e1622397929118-200x200.jpg 200w, https:\/\/www.fndaterballetto.it\/wp-content\/uploads\/2023\/02\/Pietro-Marullo@Maude-Neve_1-1-e1622397929118-400x400.jpg 400w, https:\/\/www.fndaterballetto.it\/wp-content\/uploads\/2023\/02\/Pietro-Marullo@Maude-Neve_1-1-e1622397929118-600x600.jpg 600w, https:\/\/www.fndaterballetto.it\/wp-content\/uploads\/2023\/02\/Pietro-Marullo@Maude-Neve_1-1-e1622397929118-800x800.jpg 800w, https:\/\/www.fndaterballetto.it\/wp-content\/uploads\/2023\/02\/Pietro-Marullo@Maude-Neve_1-1-e1622397929118-1200x1200.jpg 1200w, https:\/\/www.fndaterballetto.it\/wp-content\/uploads\/2023\/02\/Pietro-Marullo@Maude-Neve_1-1-e1622397929118.jpg 1280w\" sizes=\"(max-width: 1139px) 100vw, (max-width: 640px) 100vw, 400px\" \/><div class=\"awb-imageframe-caption-container\"><div class=\"awb-imageframe-caption\"><h2 class=\"awb-imageframe-caption-title\"> <\/h2><p class=\"awb-imageframe-caption-text\">PIETRO MARULLO<\/p><\/div><\/div><\/a><\/span><\/div><\/div><\/div><div class=\"fusion-layout-column fusion_builder_column fusion-builder-column-13 fusion_builder_column_1_4 1_4 fusion-flex-column\" style=\"--awb-bg-blend:overlay;--awb-bg-size:cover;--awb-width-large:25%;--awb-margin-top-large:0px;--awb-spacing-right-large:calc( 0.04 * calc( 100% - 20px ) );--awb-margin-bottom-large:20px;--awb-spacing-left-large:calc( 0.04 * calc( 100% - 20px ) );--awb-width-medium:100%;--awb-order-medium:0;--awb-spacing-right-medium:10px;--awb-spacing-left-medium:10px;--awb-width-small:100%;--awb-order-small:0;--awb-spacing-right-small:10px;--awb-spacing-left-small:10px;\" data-scroll-devices=\"small-visibility,medium-visibility,large-visibility\"><div class=\"fusion-column-wrapper fusion-column-has-shadow fusion-flex-justify-content-flex-start fusion-content-layout-column\"><div class=\"fusion-image-element \" style=\"--awb-aspect-ratio:1 \/ 1;--awb-object-position:45% 64%;--awb-caption-title-color:rgba(247,247,247,0);--awb-caption-title-font-family:var(--h2_typography-font-family);--awb-caption-title-font-weight:var(--h2_typography-font-weight);--awb-caption-title-font-style:var(--h2_typography-font-style);--awb-caption-title-size:var(--h2_typography-font-size);--awb-caption-title-transform:var(--h2_typography-text-transform);--awb-caption-title-line-height:var(--h2_typography-line-height);--awb-caption-title-letter-spacing:var(--h2_typography-letter-spacing);--awb-filter:saturate(0%);--awb-filter-transition:filter 0.3s ease;--awb-filter-hover:saturate(100%);\"><span class=\" fusion-imageframe imageframe-none imageframe-14 awb-imageframe-style awb-imageframe-style-schantel has-aspect-ratio\"><a class=\"fusion-no-lightbox\" href=\"https:\/\/www.fndaterballetto.it\/en\/artists\/choreographers\/fernando-melo\/\" target=\"_self\" aria-label=\"FERNANDO MELO &#8211; Photo Credit Hans Gerritsen\"><img decoding=\"async\" width=\"1365\" height=\"2048\" src=\"https:\/\/www.fndaterballetto.it\/wp-content\/uploads\/2021\/05\/FERNANDO-MELO-Photo-Credit-Hans-Gerritsen-1-e1622398236367.jpg\" class=\"img-responsive wp-image-10279 img-with-aspect-ratio\" alt \/><div class=\"awb-imageframe-caption-container\"><div class=\"awb-imageframe-caption\"><h2 class=\"awb-imageframe-caption-title\"> <\/h2><p class=\"awb-imageframe-caption-text\">FERNANDO MELO<\/p><\/div><\/div><\/a><\/span><\/div><\/div><\/div><div class=\"fusion-layout-column fusion_builder_column fusion-builder-column-14 fusion_builder_column_1_4 1_4 fusion-flex-column\" style=\"--awb-bg-blend:overlay;--awb-bg-size:cover;--awb-width-large:25%;--awb-margin-top-large:0px;--awb-spacing-right-large:calc( 0.04 * calc( 100% - 20px ) );--awb-margin-bottom-large:20px;--awb-spacing-left-large:calc( 0.04 * calc( 100% - 20px ) );--awb-width-medium:100%;--awb-order-medium:0;--awb-spacing-right-medium:10px;--awb-spacing-left-medium:10px;--awb-width-small:100%;--awb-order-small:0;--awb-spacing-right-small:10px;--awb-spacing-left-small:10px;\" data-scroll-devices=\"small-visibility,medium-visibility,large-visibility\"><div class=\"fusion-column-wrapper fusion-column-has-shadow fusion-flex-justify-content-flex-start fusion-content-layout-column\"><div class=\"fusion-image-element \" style=\"--awb-aspect-ratio:1 \/ 1;--awb-object-position:49% 44%;--awb-caption-title-color:rgba(255,255,255,0);--awb-caption-overlay-color:#d33737;--awb-caption-title-font-family:var(--h2_typography-font-family);--awb-caption-title-font-weight:var(--h2_typography-font-weight);--awb-caption-title-font-style:var(--h2_typography-font-style);--awb-caption-title-size:var(--h2_typography-font-size);--awb-caption-title-transform:var(--h2_typography-text-transform);--awb-caption-title-line-height:var(--h2_typography-line-height);--awb-caption-title-letter-spacing:var(--h2_typography-letter-spacing);--awb-filter:saturate(0%);--awb-filter-transition:filter 0.3s ease;--awb-filter-hover:saturate(100%);\"><span class=\" fusion-imageframe imageframe-none imageframe-15 awb-imageframe-style awb-imageframe-style-schantel has-aspect-ratio\"><a class=\"fusion-no-lightbox\" href=\"https:\/\/www.fndaterballetto.it\/en\/artists\/choreographers\/roberto-zappala\/\" target=\"_self\" aria-label=\"RobertoZappala_9881_PhotoByJoakimHovrevik_3-e1622398773639\"><img decoding=\"async\" width=\"945\" height=\"945\" src=\"https:\/\/www.fndaterballetto.it\/wp-content\/uploads\/2023\/02\/RobertoZappala_9881_PhotoByJoakimHovrevik_3-e1622398773639.jpg\" class=\"img-responsive wp-image-19323 img-with-aspect-ratio\" alt srcset=\"https:\/\/www.fndaterballetto.it\/wp-content\/uploads\/2023\/02\/RobertoZappala_9881_PhotoByJoakimHovrevik_3-e1622398773639-200x200.jpg 200w, https:\/\/www.fndaterballetto.it\/wp-content\/uploads\/2023\/02\/RobertoZappala_9881_PhotoByJoakimHovrevik_3-e1622398773639-400x400.jpg 400w, https:\/\/www.fndaterballetto.it\/wp-content\/uploads\/2023\/02\/RobertoZappala_9881_PhotoByJoakimHovrevik_3-e1622398773639-600x600.jpg 600w, https:\/\/www.fndaterballetto.it\/wp-content\/uploads\/2023\/02\/RobertoZappala_9881_PhotoByJoakimHovrevik_3-e1622398773639-800x800.jpg 800w, https:\/\/www.fndaterballetto.it\/wp-content\/uploads\/2023\/02\/RobertoZappala_9881_PhotoByJoakimHovrevik_3-e1622398773639.jpg 945w\" sizes=\"(max-width: 1139px) 100vw, (max-width: 640px) 100vw, 400px\" \/><div class=\"awb-imageframe-caption-container\"><div class=\"awb-imageframe-caption\"><h2 class=\"awb-imageframe-caption-title\"> <\/h2><p class=\"awb-imageframe-caption-text\">ROBERTO ZAPPAL\u00c0<\/p><\/div><\/div><\/a><\/span><\/div><\/div><\/div><div class=\"fusion-layout-column fusion_builder_column fusion-builder-column-15 fusion_builder_column_1_4 1_4 fusion-flex-column\" style=\"--awb-bg-blend:overlay;--awb-bg-size:cover;--awb-width-large:25%;--awb-margin-top-large:0px;--awb-spacing-right-large:calc( 0.04 * calc( 100% - 20px ) );--awb-margin-bottom-large:20px;--awb-spacing-left-large:calc( 0.04 * calc( 100% - 20px ) );--awb-width-medium:100%;--awb-order-medium:0;--awb-spacing-right-medium:10px;--awb-spacing-left-medium:10px;--awb-width-small:100%;--awb-order-small:0;--awb-spacing-right-small:10px;--awb-spacing-left-small:10px;\" data-scroll-devices=\"small-visibility,medium-visibility,large-visibility\"><div class=\"fusion-column-wrapper fusion-column-has-shadow fusion-flex-justify-content-flex-start fusion-content-layout-column\"><div class=\"fusion-image-element \" style=\"--awb-aspect-ratio:1 \/ 1;--awb-object-position:30% 52%;--awb-caption-title-color:rgba(255,255,255,0);--awb-caption-overlay-color:#d33737;--awb-caption-title-font-family:var(--h2_typography-font-family);--awb-caption-title-font-weight:var(--h2_typography-font-weight);--awb-caption-title-font-style:var(--h2_typography-font-style);--awb-caption-title-size:var(--h2_typography-font-size);--awb-caption-title-transform:var(--h2_typography-text-transform);--awb-caption-title-line-height:var(--h2_typography-line-height);--awb-caption-title-letter-spacing:var(--h2_typography-letter-spacing);--awb-filter:saturate(0%);--awb-filter-transition:filter 0.3s ease;--awb-filter-hover:saturate(100%);\"><span class=\" fusion-imageframe imageframe-none imageframe-16 awb-imageframe-style awb-imageframe-style-schantel has-aspect-ratio\"><a class=\"fusion-no-lightbox\" href=\"https:\/\/www.fndaterballetto.it\/en\/artists\/choreographers\/michele-di-stefano\/\" target=\"_self\" aria-label=\"Michele-Di-Stefano-2x\"><img decoding=\"async\" width=\"1366\" height=\"2048\" src=\"https:\/\/www.fndaterballetto.it\/wp-content\/uploads\/2023\/02\/Michele-Di-Stefano-2x.jpg\" class=\"img-responsive wp-image-19333 img-with-aspect-ratio\" alt srcset=\"https:\/\/www.fndaterballetto.it\/wp-content\/uploads\/2023\/02\/Michele-Di-Stefano-2x-200x300.jpg 200w, https:\/\/www.fndaterballetto.it\/wp-content\/uploads\/2023\/02\/Michele-Di-Stefano-2x-400x600.jpg 400w, https:\/\/www.fndaterballetto.it\/wp-content\/uploads\/2023\/02\/Michele-Di-Stefano-2x-600x900.jpg 600w, https:\/\/www.fndaterballetto.it\/wp-content\/uploads\/2023\/02\/Michele-Di-Stefano-2x-800x1199.jpg 800w, https:\/\/www.fndaterballetto.it\/wp-content\/uploads\/2023\/02\/Michele-Di-Stefano-2x-1200x1799.jpg 1200w, https:\/\/www.fndaterballetto.it\/wp-content\/uploads\/2023\/02\/Michele-Di-Stefano-2x.jpg 1366w\" sizes=\"(max-width: 1139px) 100vw, (max-width: 640px) 100vw, 400px\" \/><div class=\"awb-imageframe-caption-container\"><div class=\"awb-imageframe-caption\"><h2 class=\"awb-imageframe-caption-title\"> <\/h2><p class=\"awb-imageframe-caption-text\">MICHELE DI STEFANO<\/p><\/div><\/div><\/a><\/span><\/div><\/div><\/div><div class=\"fusion-layout-column fusion_builder_column fusion-builder-column-16 fusion_builder_column_1_4 1_4 fusion-flex-column\" style=\"--awb-bg-blend:overlay;--awb-bg-size:cover;--awb-width-large:25%;--awb-margin-top-large:0px;--awb-spacing-right-large:calc( 0.04 * calc( 100% - 20px ) );--awb-margin-bottom-large:20px;--awb-spacing-left-large:calc( 0.04 * calc( 100% - 20px ) );--awb-width-medium:100%;--awb-order-medium:0;--awb-spacing-right-medium:10px;--awb-spacing-left-medium:10px;--awb-width-small:100%;--awb-order-small:0;--awb-spacing-right-small:10px;--awb-spacing-left-small:10px;\" data-scroll-devices=\"small-visibility,medium-visibility,large-visibility\"><div class=\"fusion-column-wrapper fusion-column-has-shadow fusion-flex-justify-content-flex-start fusion-content-layout-column\"><div class=\"fusion-image-element \" style=\"--awb-aspect-ratio:1 \/ 1;--awb-object-position:31% 42%;--awb-caption-title-color:rgba(255,255,255,0);--awb-caption-overlay-color:#d33737;--awb-caption-title-font-family:var(--h2_typography-font-family);--awb-caption-title-font-weight:var(--h2_typography-font-weight);--awb-caption-title-font-style:var(--h2_typography-font-style);--awb-caption-title-size:var(--h2_typography-font-size);--awb-caption-title-transform:var(--h2_typography-text-transform);--awb-caption-title-line-height:var(--h2_typography-line-height);--awb-caption-title-letter-spacing:var(--h2_typography-letter-spacing);--awb-filter:saturate(0%);--awb-filter-transition:filter 0.3s ease;--awb-filter-hover:saturate(100%);\"><span class=\" fusion-imageframe imageframe-none imageframe-17 awb-imageframe-style awb-imageframe-style-schantel has-aspect-ratio\"><a class=\"fusion-no-lightbox\" href=\"https:\/\/www.fndaterballetto.it\/en\/artists\/choreographers\/andonis-foniadakis\/\" target=\"_self\" aria-label=\"Andonis Foniadakis\"><img decoding=\"async\" width=\"1192\" height=\"1787\" src=\"https:\/\/www.fndaterballetto.it\/wp-content\/uploads\/2018\/06\/image001.jpg\" class=\"img-responsive wp-image-1791 img-with-aspect-ratio\" alt srcset=\"https:\/\/www.fndaterballetto.it\/wp-content\/uploads\/2018\/06\/image001-200x300.jpg 200w, https:\/\/www.fndaterballetto.it\/wp-content\/uploads\/2018\/06\/image001-400x600.jpg 400w, https:\/\/www.fndaterballetto.it\/wp-content\/uploads\/2018\/06\/image001-600x899.jpg 600w, https:\/\/www.fndaterballetto.it\/wp-content\/uploads\/2018\/06\/image001-800x1199.jpg 800w, https:\/\/www.fndaterballetto.it\/wp-content\/uploads\/2018\/06\/image001.jpg 1192w\" sizes=\"(max-width: 1139px) 100vw, (max-width: 640px) 100vw, 400px\" \/><div class=\"awb-imageframe-caption-container\"><div class=\"awb-imageframe-caption\"><h2 class=\"awb-imageframe-caption-title\"> <\/h2><p class=\"awb-imageframe-caption-text\">ANDONIS FONIADAKIS<\/p><\/div><\/div><\/a><\/span><\/div><\/div><\/div><div class=\"fusion-layout-column fusion_builder_column fusion-builder-column-17 fusion_builder_column_1_4 1_4 fusion-flex-column\" style=\"--awb-bg-blend:overlay;--awb-bg-size:cover;--awb-width-large:25%;--awb-margin-top-large:0px;--awb-spacing-right-large:calc( 0.04 * calc( 100% - 20px ) );--awb-margin-bottom-large:20px;--awb-spacing-left-large:calc( 0.04 * calc( 100% - 20px ) );--awb-width-medium:100%;--awb-order-medium:0;--awb-spacing-right-medium:10px;--awb-spacing-left-medium:10px;--awb-width-small:100%;--awb-order-small:0;--awb-spacing-right-small:10px;--awb-spacing-left-small:10px;\" data-scroll-devices=\"small-visibility,medium-visibility,large-visibility\"><div class=\"fusion-column-wrapper fusion-column-has-shadow fusion-flex-justify-content-flex-start fusion-content-layout-column\"><div class=\"fusion-image-element \" style=\"--awb-aspect-ratio:1 \/ 1;--awb-object-position:49% 43%;--awb-caption-title-color:rgba(255,255,255,0);--awb-caption-overlay-color:#d33737;--awb-caption-title-font-family:var(--h2_typography-font-family);--awb-caption-title-font-weight:var(--h2_typography-font-weight);--awb-caption-title-font-style:var(--h2_typography-font-style);--awb-caption-title-size:var(--h2_typography-font-size);--awb-caption-title-transform:var(--h2_typography-text-transform);--awb-caption-title-line-height:var(--h2_typography-line-height);--awb-caption-title-letter-spacing:var(--h2_typography-letter-spacing);--awb-filter:saturate(0%);--awb-filter-transition:filter 0.3s ease;--awb-filter-hover:saturate(100%);\"><span class=\" fusion-imageframe imageframe-none imageframe-18 awb-imageframe-style awb-imageframe-style-schantel has-aspect-ratio\"><a class=\"fusion-no-lightbox\" href=\"https:\/\/www.fndaterballetto.it\/en\/artists\/choreographers\/jiri-kylian\/\" target=\"_self\" aria-label=\"Jiri Kylian by Serge Ligtenberg\"><img decoding=\"async\" width=\"459\" height=\"506\" src=\"https:\/\/www.fndaterballetto.it\/wp-content\/uploads\/2018\/06\/Jiri-Kylian-by-Serge-Ligtenberg.jpg\" class=\"img-responsive wp-image-1929 img-with-aspect-ratio\" alt srcset=\"https:\/\/www.fndaterballetto.it\/wp-content\/uploads\/2018\/06\/Jiri-Kylian-by-Serge-Ligtenberg-200x220.jpg 200w, https:\/\/www.fndaterballetto.it\/wp-content\/uploads\/2018\/06\/Jiri-Kylian-by-Serge-Ligtenberg-400x441.jpg 400w, https:\/\/www.fndaterballetto.it\/wp-content\/uploads\/2018\/06\/Jiri-Kylian-by-Serge-Ligtenberg.jpg 459w\" sizes=\"(max-width: 1139px) 100vw, (max-width: 640px) 100vw, 400px\" \/><div class=\"awb-imageframe-caption-container\"><div class=\"awb-imageframe-caption\"><h2 class=\"awb-imageframe-caption-title\"> <\/h2><p class=\"awb-imageframe-caption-text\">JI\u0158\u00cd KYLI\u00c1N<\/p><\/div><\/div><\/a><\/span><\/div><\/div><\/div><div class=\"fusion-layout-column fusion_builder_column fusion-builder-column-18 fusion_builder_column_1_4 1_4 fusion-flex-column\" style=\"--awb-bg-blend:overlay;--awb-bg-size:cover;--awb-width-large:25%;--awb-margin-top-large:0px;--awb-spacing-right-large:calc( 0.04 * calc( 100% - 20px ) );--awb-margin-bottom-large:20px;--awb-spacing-left-large:calc( 0.04 * calc( 100% - 20px ) );--awb-width-medium:100%;--awb-order-medium:0;--awb-spacing-right-medium:10px;--awb-spacing-left-medium:10px;--awb-width-small:100%;--awb-order-small:0;--awb-spacing-right-small:10px;--awb-spacing-left-small:10px;\" data-scroll-devices=\"small-visibility,medium-visibility,large-visibility\"><div class=\"fusion-column-wrapper fusion-column-has-shadow fusion-flex-justify-content-flex-start fusion-content-layout-column\"><div class=\"fusion-image-element \" style=\"--awb-aspect-ratio:1 \/ 1;--awb-object-position:96% 66%;--awb-caption-title-color:rgba(255,255,255,0);--awb-caption-overlay-color:#d33737;--awb-caption-title-font-family:var(--h2_typography-font-family);--awb-caption-title-font-weight:var(--h2_typography-font-weight);--awb-caption-title-font-style:var(--h2_typography-font-style);--awb-caption-title-size:var(--h2_typography-font-size);--awb-caption-title-transform:var(--h2_typography-text-transform);--awb-caption-title-line-height:var(--h2_typography-line-height);--awb-caption-title-letter-spacing:var(--h2_typography-letter-spacing);--awb-filter:saturate(0%);--awb-filter-transition:filter 0.3s ease;--awb-filter-hover:saturate(100%);\"><span class=\" fusion-imageframe imageframe-none imageframe-19 awb-imageframe-style awb-imageframe-style-schantel has-aspect-ratio\"><a class=\"fusion-no-lightbox\" href=\"https:\/\/www.fndaterballetto.it\/en\/artists\/choreographers\/cristiana-morganti\/\" target=\"_self\" aria-label=\"Cristiana-Morganti-ph-EMANUELA-BARILOZZI-CARUSO\"><img decoding=\"async\" width=\"1280\" height=\"854\" src=\"https:\/\/www.fndaterballetto.it\/wp-content\/uploads\/2023\/02\/Cristiana-Morganti-ph-EMANUELA-BARILOZZI-CARUSO-1.jpg\" class=\"img-responsive wp-image-19339 img-with-aspect-ratio\" alt srcset=\"https:\/\/www.fndaterballetto.it\/wp-content\/uploads\/2023\/02\/Cristiana-Morganti-ph-EMANUELA-BARILOZZI-CARUSO-1-200x133.jpg 200w, https:\/\/www.fndaterballetto.it\/wp-content\/uploads\/2023\/02\/Cristiana-Morganti-ph-EMANUELA-BARILOZZI-CARUSO-1-400x267.jpg 400w, https:\/\/www.fndaterballetto.it\/wp-content\/uploads\/2023\/02\/Cristiana-Morganti-ph-EMANUELA-BARILOZZI-CARUSO-1-600x400.jpg 600w, https:\/\/www.fndaterballetto.it\/wp-content\/uploads\/2023\/02\/Cristiana-Morganti-ph-EMANUELA-BARILOZZI-CARUSO-1-800x534.jpg 800w, https:\/\/www.fndaterballetto.it\/wp-content\/uploads\/2023\/02\/Cristiana-Morganti-ph-EMANUELA-BARILOZZI-CARUSO-1-1200x801.jpg 1200w, https:\/\/www.fndaterballetto.it\/wp-content\/uploads\/2023\/02\/Cristiana-Morganti-ph-EMANUELA-BARILOZZI-CARUSO-1.jpg 1280w\" sizes=\"(max-width: 1139px) 100vw, (max-width: 640px) 100vw, 400px\" \/><div class=\"awb-imageframe-caption-container\"><div class=\"awb-imageframe-caption\"><h2 class=\"awb-imageframe-caption-title\"> <\/h2><p class=\"awb-imageframe-caption-text\">CRISTIANA MORGANTI<\/p><\/div><\/div><\/a><\/span><\/div><\/div><\/div><div class=\"fusion-layout-column fusion_builder_column fusion-builder-column-19 fusion_builder_column_1_4 1_4 fusion-flex-column\" style=\"--awb-bg-blend:overlay;--awb-bg-size:cover;--awb-width-large:25%;--awb-margin-top-large:0px;--awb-spacing-right-large:calc( 0.04 * calc( 100% - 20px ) );--awb-margin-bottom-large:20px;--awb-spacing-left-large:calc( 0.04 * calc( 100% - 20px ) );--awb-width-medium:100%;--awb-order-medium:0;--awb-spacing-right-medium:10px;--awb-spacing-left-medium:10px;--awb-width-small:100%;--awb-order-small:0;--awb-spacing-right-small:10px;--awb-spacing-left-small:10px;\" data-scroll-devices=\"small-visibility,medium-visibility,large-visibility\"><div class=\"fusion-column-wrapper fusion-column-has-shadow fusion-flex-justify-content-flex-start fusion-content-layout-column\"><div class=\"fusion-image-element \" style=\"--awb-aspect-ratio:1 \/ 1;--awb-object-position:44% 63%;--awb-caption-title-color:rgba(255,255,255,0);--awb-caption-overlay-color:#d33737;--awb-caption-title-font-family:var(--h2_typography-font-family);--awb-caption-title-font-weight:var(--h2_typography-font-weight);--awb-caption-title-font-style:var(--h2_typography-font-style);--awb-caption-title-size:var(--h2_typography-font-size);--awb-caption-title-transform:var(--h2_typography-text-transform);--awb-caption-title-line-height:var(--h2_typography-line-height);--awb-caption-title-letter-spacing:var(--h2_typography-letter-spacing);--awb-filter:saturate(0%);--awb-filter-transition:filter 0.3s ease;--awb-filter-hover:saturate(100%);\"><span class=\" fusion-imageframe imageframe-none imageframe-20 awb-imageframe-style awb-imageframe-style-schantel has-aspect-ratio\"><a class=\"fusion-no-lightbox\" href=\"https:\/\/www.fndaterballetto.it\/en\/artists\/choreographers\/jiri-pokorny\/\" target=\"_self\" aria-label=\"DSC_1640-copy-2\"><img decoding=\"async\" width=\"1357\" height=\"2048\" src=\"https:\/\/www.fndaterballetto.it\/wp-content\/uploads\/2023\/02\/DSC_1640-copy-2.jpg\" class=\"img-responsive wp-image-19348 img-with-aspect-ratio\" alt srcset=\"https:\/\/www.fndaterballetto.it\/wp-content\/uploads\/2023\/02\/DSC_1640-copy-2-200x302.jpg 200w, https:\/\/www.fndaterballetto.it\/wp-content\/uploads\/2023\/02\/DSC_1640-copy-2-400x604.jpg 400w, https:\/\/www.fndaterballetto.it\/wp-content\/uploads\/2023\/02\/DSC_1640-copy-2-600x906.jpg 600w, https:\/\/www.fndaterballetto.it\/wp-content\/uploads\/2023\/02\/DSC_1640-copy-2-800x1207.jpg 800w, https:\/\/www.fndaterballetto.it\/wp-content\/uploads\/2023\/02\/DSC_1640-copy-2-1200x1811.jpg 1200w, https:\/\/www.fndaterballetto.it\/wp-content\/uploads\/2023\/02\/DSC_1640-copy-2.jpg 1357w\" sizes=\"(max-width: 1139px) 100vw, (max-width: 640px) 100vw, 400px\" \/><div class=\"awb-imageframe-caption-container\"><div class=\"awb-imageframe-caption\"><h2 class=\"awb-imageframe-caption-title\"> <\/h2><p class=\"awb-imageframe-caption-text\">JI\u0158\u00cd POKORNY<\/p><\/div><\/div><\/a><\/span><\/div><\/div><\/div><div class=\"fusion-layout-column fusion_builder_column fusion-builder-column-20 fusion_builder_column_1_4 1_4 fusion-flex-column\" style=\"--awb-bg-blend:overlay;--awb-bg-size:cover;--awb-width-large:25%;--awb-margin-top-large:0px;--awb-spacing-right-large:calc( 0.04 * calc( 100% - 20px ) );--awb-margin-bottom-large:20px;--awb-spacing-left-large:calc( 0.04 * calc( 100% - 20px ) );--awb-width-medium:100%;--awb-order-medium:0;--awb-spacing-right-medium:10px;--awb-spacing-left-medium:10px;--awb-width-small:100%;--awb-order-small:0;--awb-spacing-right-small:10px;--awb-spacing-left-small:10px;\" data-scroll-devices=\"small-visibility,medium-visibility,large-visibility\"><div class=\"fusion-column-wrapper fusion-column-has-shadow fusion-flex-justify-content-flex-start fusion-content-layout-column\"><div class=\"fusion-image-element \" style=\"--awb-aspect-ratio:1 \/ 1;--awb-object-position:34% 16%;--awb-caption-title-color:rgba(255,255,255,0);--awb-caption-overlay-color:#d33737;--awb-caption-title-font-family:var(--h2_typography-font-family);--awb-caption-title-font-weight:var(--h2_typography-font-weight);--awb-caption-title-font-style:var(--h2_typography-font-style);--awb-caption-title-size:var(--h2_typography-font-size);--awb-caption-title-transform:var(--h2_typography-text-transform);--awb-caption-title-line-height:var(--h2_typography-line-height);--awb-caption-title-letter-spacing:var(--h2_typography-letter-spacing);--awb-filter:saturate(0%);--awb-filter-transition:filter 0.3s ease;--awb-filter-hover:saturate(100%);\"><span class=\" fusion-imageframe imageframe-none imageframe-21 awb-imageframe-style awb-imageframe-style-schantel has-aspect-ratio\"><a class=\"fusion-no-lightbox\" href=\"https:\/\/www.fndaterballetto.it\/en\/artists\/choreographers\/rihoko-sato\/\" target=\"_self\" aria-label=\"Rihoko-Sato-ph.-Ryo-Ohwada\"><img decoding=\"async\" width=\"854\" height=\"1280\" src=\"https:\/\/www.fndaterballetto.it\/wp-content\/uploads\/2023\/02\/Rihoko-Sato-ph.-Ryo-Ohwada.jpg\" class=\"img-responsive wp-image-19343 img-with-aspect-ratio\" alt srcset=\"https:\/\/www.fndaterballetto.it\/wp-content\/uploads\/2023\/02\/Rihoko-Sato-ph.-Ryo-Ohwada-200x300.jpg 200w, https:\/\/www.fndaterballetto.it\/wp-content\/uploads\/2023\/02\/Rihoko-Sato-ph.-Ryo-Ohwada-400x600.jpg 400w, https:\/\/www.fndaterballetto.it\/wp-content\/uploads\/2023\/02\/Rihoko-Sato-ph.-Ryo-Ohwada-600x899.jpg 600w, https:\/\/www.fndaterballetto.it\/wp-content\/uploads\/2023\/02\/Rihoko-Sato-ph.-Ryo-Ohwada-800x1199.jpg 800w, https:\/\/www.fndaterballetto.it\/wp-content\/uploads\/2023\/02\/Rihoko-Sato-ph.-Ryo-Ohwada.jpg 854w\" sizes=\"(max-width: 1139px) 100vw, (max-width: 640px) 100vw, 400px\" \/><div class=\"awb-imageframe-caption-container\"><div class=\"awb-imageframe-caption\"><h2 class=\"awb-imageframe-caption-title\"> <\/h2><p class=\"awb-imageframe-caption-text\">RIHOKO SATO<\/p><\/div><\/div><\/a><\/span><\/div><\/div><\/div><div class=\"fusion-layout-column fusion_builder_column fusion-builder-column-21 fusion_builder_column_1_4 1_4 fusion-flex-column\" style=\"--awb-bg-blend:overlay;--awb-bg-size:cover;--awb-width-large:25%;--awb-margin-top-large:0px;--awb-spacing-right-large:calc( 0.04 * calc( 100% - 20px ) );--awb-margin-bottom-large:20px;--awb-spacing-left-large:calc( 0.04 * calc( 100% - 20px ) );--awb-width-medium:100%;--awb-order-medium:0;--awb-spacing-right-medium:10px;--awb-spacing-left-medium:10px;--awb-width-small:100%;--awb-order-small:0;--awb-spacing-right-small:10px;--awb-spacing-left-small:10px;\" data-scroll-devices=\"small-visibility,medium-visibility,large-visibility\"><div class=\"fusion-column-wrapper fusion-column-has-shadow fusion-flex-justify-content-flex-start fusion-content-layout-column\"><div class=\"fusion-image-element \" style=\"--awb-aspect-ratio:1 \/ 1;--awb-object-position:18% 48%;--awb-caption-title-color:rgba(255,255,255,0);--awb-caption-overlay-color:#d33737;--awb-caption-title-font-family:var(--h2_typography-font-family);--awb-caption-title-font-weight:var(--h2_typography-font-weight);--awb-caption-title-font-style:var(--h2_typography-font-style);--awb-caption-title-size:var(--h2_typography-font-size);--awb-caption-title-transform:var(--h2_typography-text-transform);--awb-caption-title-line-height:var(--h2_typography-line-height);--awb-caption-title-letter-spacing:var(--h2_typography-letter-spacing);--awb-filter:saturate(0%);--awb-filter-transition:filter 0.3s ease;--awb-filter-hover:saturate(100%);\"><span class=\" fusion-imageframe imageframe-none imageframe-22 awb-imageframe-style awb-imageframe-style-schantel has-aspect-ratio\"><a class=\"fusion-no-lightbox\" href=\"https:\/\/www.fndaterballetto.it\/en\/artists\/choreographers\/hofesh-shechter\/\" target=\"_self\" aria-label=\"Hofesh-Shechter-photo-by-Hugo-Glendinning\"><img decoding=\"async\" width=\"1367\" height=\"2048\" src=\"https:\/\/www.fndaterballetto.it\/wp-content\/uploads\/2023\/02\/Hofesh-Shechter-photo-by-Hugo-Glendinning.jpg\" class=\"img-responsive wp-image-19351 img-with-aspect-ratio\" alt srcset=\"https:\/\/www.fndaterballetto.it\/wp-content\/uploads\/2023\/02\/Hofesh-Shechter-photo-by-Hugo-Glendinning-200x300.jpg 200w, https:\/\/www.fndaterballetto.it\/wp-content\/uploads\/2023\/02\/Hofesh-Shechter-photo-by-Hugo-Glendinning-400x599.jpg 400w, https:\/\/www.fndaterballetto.it\/wp-content\/uploads\/2023\/02\/Hofesh-Shechter-photo-by-Hugo-Glendinning-600x899.jpg 600w, https:\/\/www.fndaterballetto.it\/wp-content\/uploads\/2023\/02\/Hofesh-Shechter-photo-by-Hugo-Glendinning-800x1199.jpg 800w, https:\/\/www.fndaterballetto.it\/wp-content\/uploads\/2023\/02\/Hofesh-Shechter-photo-by-Hugo-Glendinning-1200x1798.jpg 1200w, https:\/\/www.fndaterballetto.it\/wp-content\/uploads\/2023\/02\/Hofesh-Shechter-photo-by-Hugo-Glendinning.jpg 1367w\" sizes=\"(max-width: 1139px) 100vw, (max-width: 640px) 100vw, 400px\" \/><div class=\"awb-imageframe-caption-container\"><div class=\"awb-imageframe-caption\"><h2 class=\"awb-imageframe-caption-title\"> <\/h2><p class=\"awb-imageframe-caption-text\">HOFESH SHECHTER<\/p><\/div><\/div><\/a><\/span><\/div><\/div><\/div><div class=\"fusion-layout-column fusion_builder_column fusion-builder-column-22 fusion_builder_column_1_4 1_4 fusion-flex-column\" style=\"--awb-bg-blend:overlay;--awb-bg-size:cover;--awb-width-large:25%;--awb-margin-top-large:0px;--awb-spacing-right-large:calc( 0.04 * calc( 100% - 20px ) );--awb-margin-bottom-large:20px;--awb-spacing-left-large:calc( 0.04 * calc( 100% - 20px ) );--awb-width-medium:100%;--awb-order-medium:0;--awb-spacing-right-medium:10px;--awb-spacing-left-medium:10px;--awb-width-small:100%;--awb-order-small:0;--awb-spacing-right-small:10px;--awb-spacing-left-small:10px;\" data-scroll-devices=\"small-visibility,medium-visibility,large-visibility\"><div class=\"fusion-column-wrapper fusion-column-has-shadow fusion-flex-justify-content-flex-start fusion-content-layout-column\"><div class=\"fusion-image-element \" style=\"--awb-aspect-ratio:1 \/ 1;--awb-object-position:35% 48%;--awb-caption-title-color:rgba(255,255,255,0);--awb-caption-overlay-color:#d33737;--awb-caption-title-font-family:var(--body_typography-font-family);--awb-caption-title-font-weight:var(--body_typography-font-weight);--awb-caption-title-font-style:var(--body_typography-font-style);--awb-caption-title-size:var(--body_typography-font-size);--awb-caption-title-transform:var(--body_typography-text-transform);--awb-caption-title-line-height:var(--body_typography-line-height);--awb-caption-title-letter-spacing:var(--body_typography-letter-spacing);--awb-filter:saturate(0%);--awb-filter-transition:filter 0.3s ease;--awb-filter-hover:saturate(100%);\"><span class=\" fusion-imageframe imageframe-none imageframe-23 awb-imageframe-style awb-imageframe-style-schantel has-aspect-ratio\"><a class=\"fusion-no-lightbox\" href=\"https:\/\/www.fndaterballetto.it\/en\/artists\/choreographers\/giuseppe-spota\/\" target=\"_self\" aria-label=\"Giuseppe Spota\"><img decoding=\"async\" width=\"1365\" height=\"2048\" src=\"https:\/\/www.fndaterballetto.it\/wp-content\/uploads\/2018\/06\/0036.jpg\" class=\"img-responsive wp-image-1928 img-with-aspect-ratio\" alt srcset=\"https:\/\/www.fndaterballetto.it\/wp-content\/uploads\/2018\/06\/0036-200x300.jpg 200w, https:\/\/www.fndaterballetto.it\/wp-content\/uploads\/2018\/06\/0036-400x600.jpg 400w, https:\/\/www.fndaterballetto.it\/wp-content\/uploads\/2018\/06\/0036-600x900.jpg 600w, https:\/\/www.fndaterballetto.it\/wp-content\/uploads\/2018\/06\/0036-800x1200.jpg 800w, https:\/\/www.fndaterballetto.it\/wp-content\/uploads\/2018\/06\/0036-1200x1800.jpg 1200w, https:\/\/www.fndaterballetto.it\/wp-content\/uploads\/2018\/06\/0036.jpg 1365w\" sizes=\"(max-width: 1139px) 100vw, (max-width: 640px) 100vw, 400px\" \/><div class=\"awb-imageframe-caption-container\"><div class=\"awb-imageframe-caption\"><div class=\"awb-imageframe-caption-title\"> <\/div><p class=\"awb-imageframe-caption-text\">GIUSEPPE SPOTA<\/p><\/div><\/div><\/a><\/span><\/div><\/div><\/div><\/div><\/div>\n","protected":false},"excerpt":{"rendered":"","protected":false},"author":2,"featured_media":0,"parent":19517,"menu_order":1,"comment_status":"closed","ping_status":"closed","template":"","meta":{"footnotes":""},"class_list":["post-1500","page","type-page","status-publish","hentry"],"_links":{"self":[{"href":"https:\/\/www.fndaterballetto.it\/en\/wp-json\/wp\/v2\/pages\/1500","targetHints":{"allow":["GET"]}}],"collection":[{"href":"https:\/\/www.fndaterballetto.it\/en\/wp-json\/wp\/v2\/pages"}],"about":[{"href":"https:\/\/www.fndaterballetto.it\/en\/wp-json\/wp\/v2\/types\/page"}],"author":[{"embeddable":true,"href":"https:\/\/www.fndaterballetto.it\/en\/wp-json\/wp\/v2\/users\/2"}],"replies":[{"embeddable":true,"href":"https:\/\/www.fndaterballetto.it\/en\/wp-json\/wp\/v2\/comments?post=1500"}],"version-history":[{"count":46,"href":"https:\/\/www.fndaterballetto.it\/en\/wp-json\/wp\/v2\/pages\/1500\/revisions"}],"predecessor-version":[{"id":33639,"href":"https:\/\/www.fndaterballetto.it\/en\/wp-json\/wp\/v2\/pages\/1500\/revisions\/33639"}],"up":[{"embeddable":true,"href":"https:\/\/www.fndaterballetto.it\/en\/wp-json\/wp\/v2\/pages\/19517"}],"wp:attachment":[{"href":"https:\/\/www.fndaterballetto.it\/en\/wp-json\/wp\/v2\/media?parent=1500"}],"curies":[{"name":"wp","href":"https:\/\/api.w.org\/{rel}","templated":true}]}}